{"id":205,"date":"2016-03-23T14:29:52","date_gmt":"2016-03-23T13:29:52","guid":{"rendered":"http:\/\/francofichera.it\/a-scuola-di-belle-tasse\/"},"modified":"2021-03-25T11:18:23","modified_gmt":"2021-03-25T10:18:23","slug":"a-scuola-di-belle-tasse","status":"publish","type":"page","link":"https:\/\/francofichera.it\/fr\/a-scuola-di-belle-tasse\/","title":{"rendered":"A L\u2019\u00c9COLE DES BEAUX IMP\u00d4TS"},"content":{"rendered":"\n<div class=\"wp-block-image libroIcon\"><figure class=\"aligncenter size-large\"><a href=\"https:\/\/www.einaudi.it\/catalogo-libri\/senza-materia\/le-belle-tasse-franco-fichera-9788806206192\/\" target=\"_blank\" rel=\"noopener\"><img loading=\"lazy\" width=\"126\" height=\"198\" src=\"https:\/\/francofichera.it\/wp-content\/uploads\/2021\/03\/icon-libro.png\" alt=\"\" class=\"wp-image-449\"\/><\/a><\/figure><\/div>\n\n\n\n<p>\u00abLes imp\u00f4ts sont g\u00e9n\u00e9ralement consid\u00e9r\u00e9s comme un \u00abmal\u00bb, parce qu\u2019ils consistent en un sacrifice. Dire qu\u2019ils sont \u00abbeaux\u00bb provoque une certaine surprise. Mais pourquoi sont-ils \u00abbeaux\u00bb, ou pourquoi peut-on dire qu\u2019ils sont \u00abbeaux\u00bb? Parce qu\u2019ils permettent la vie en commun et qu\u2019ils sont \u00e0 la base de la coexistence civile : nous sommes tous appel\u00e9s \u00e0 participer aux d\u00e9penses publiques et \u00e0 soutenir la r\u00e9alisation d\u2019objectifs qui concernent tous les citoyens. Et seuls les imp\u00f4ts permettent de le faire. Ceux-ci sont un sacrifice pour l\u2019individu, c\u2019est vrai, mais pour satisfaire un int\u00e9r\u00eat collectif.\u00bb<\/p>\n\n\n\n<p><strong>FRANCO FICHERA<br><\/strong>Le belle tasse. Ci\u00f2 che i bambini ci insegnano sul bene comune, Einaudi, Torino, 2011<\/p>\n\n\n\n<div style=\"height:50px\" aria-hidden=\"true\" class=\"wp-block-spacer\"><\/div>\n\n\n\n<div class=\"wp-block-columns\">\n<div class=\"wp-block-column\"><\/div>\n\n\n\n<div class=\"wp-block-column testoTasse\" style=\"flex-basis:75%\">\n<p class=\"has-text-align-right\"><em><em>\u00abLes beaux imp\u00f4ts\u00bb rendent compte d\u2019une initiative originale r\u00e9alis\u00e9e avec les \u00e9coles \u00e9l\u00e9mentaires de Rome et de Turin, visant \u00e0 expliquer les imp\u00f4ts aux enfants.<\/em><\/em><\/p>\n\n\n\n<p class=\"has-text-align-right\"><em><em>Cette initiative a donn\u00e9 lieu \u00e0 un projet pour les \u00e9coles dans le but de promouvoir une \u00abculture de la taxation\u00bb.&nbsp;<\/em><\/em><\/p>\n\n\n\n<a href=\"https:\/\/www.lebelletasse.com\/\" target=\"_blank\" class=\"linkTasse\" rel=\"noopener\">lebelletasse.com<\/a>\n\n\n\n<p><\/p>\n<\/div>\n<\/div>\n","protected":false},"excerpt":{"rendered":"<p>\u00abLes imp\u00f4ts sont g\u00e9n\u00e9ralement consid\u00e9r\u00e9s comme un \u00abmal\u00bb, parce qu\u2019ils consistent en un sacrifice. Dire qu\u2019ils sont \u00abbeaux\u00bb provoque une certaine surprise. Mais pourquoi sont-ils \u00abbeaux\u00bb, ou pourquoi peut-on dire qu\u2019ils sont \u00abbeaux\u00bb? Parce qu\u2019ils permettent la vie en commun et qu\u2019ils sont \u00e0 la base de la coexistence civile<\/p>\n<div class=\"belowpost\"><a class=\"btnmore icon-arrow\" href=\"https:\/\/francofichera.it\/fr\/a-scuola-di-belle-tasse\/\"><span>Read More<\/span><\/a><\/div>\n","protected":false},"author":1,"featured_media":0,"parent":0,"menu_order":20,"comment_status":"closed","ping_status":"closed","template":"","meta":[],"acf":[],"_links":{"self":[{"href":"https:\/\/francofichera.it\/fr\/wp-json\/wp\/v2\/pages\/205"}],"collection":[{"href":"https:\/\/francofichera.it\/fr\/wp-json\/wp\/v2\/pages"}],"about":[{"href":"https:\/\/francofichera.it\/fr\/wp-json\/wp\/v2\/types\/page"}],"author":[{"embeddable":true,"href":"https:\/\/francofichera.it\/fr\/wp-json\/wp\/v2\/users\/1"}],"replies":[{"embeddable":true,"href":"https:\/\/francofichera.it\/fr\/wp-json\/wp\/v2\/comments?post=205"}],"version-history":[{"count":5,"href":"https:\/\/francofichera.it\/fr\/wp-json\/wp\/v2\/pages\/205\/revisions"}],"predecessor-version":[{"id":463,"href":"https:\/\/francofichera.it\/fr\/wp-json\/wp\/v2\/pages\/205\/revisions\/463"}],"wp:attachment":[{"href":"https:\/\/francofichera.it\/fr\/wp-json\/wp\/v2\/media?parent=205"}],"curies":[{"name":"wp","href":"https:\/\/api.w.org\/{rel}","templated":true}]}}